{"id":2095,"date":"2022-05-30T12:59:32","date_gmt":"2022-05-30T10:59:32","guid":{"rendered":"https:\/\/www.sagesa.com\/?page_id=2095"},"modified":"2022-05-30T12:59:32","modified_gmt":"2022-05-30T10:59:32","slug":"le-portage-salarial-international-2","status":"publish","type":"page","link":"https:\/\/www.sagesa.com\/fr\/le-portage-salarial-international-2\/","title":{"rendered":"LE PORTAGE SALARIAL INTERNATIONAL"},"content":{"rendered":"<section class=\"wpb-content-wrapper\"><p>[vc_row][vc_column]<section class=\"txt-img padded-top\">\r\n    <div class=\"sv-g\">\r\n      <div class=\"sv-u-1 sv-u-m-1-2 m--left\">\r\n        <div class=\"txt-img__content\">\r\n          <h2>Bernard Rozinthe, directeur g\u00e9n\u00e9ral<\/h2>\r\n          <div class=\"txt-img__text\">\r\n            <p><em>\u00ab\u00a0Notre raison d\u2019\u00eatre est de faciliter vos op\u00e9rations \u00e0 l\u2019international, que vous soyez expert <\/em><em>ind\u00e9pendant ou entreprise.<\/em><\/p>\n<p>&nbsp;<\/p>\n<p><em>L\u2019\u00e9quipe de SAGE s\u2019engage \u00e0 r\u00e9pondre au mieux \u00e0 vos attentes dans la gestion des flux financiers, des couvertures sociales internationales et dans vos d\u00e9marches d\u2019expatriation dans le monde entier. Nous serons et sommes heureux de vous accueillir et de vous accompagner au sein de notre communaut\u00e9 d\u2019experts internationaux.\u00a0\u00bb<\/em><\/p>\r\n                      <\/div>\r\n        <\/div>\r\n      <\/div>\r\n      <div class=\"sv-u-1 sv-u-m-1-2\">\r\n        <figure class=\"txt-img__figure m--yellow-left \">\r\n          <img decoding=\"async\" src=\"https:\/\/www.sagesa.com\/wp-content\/uploads\/2020\/12\/admissions-195-540x475.jpg\" alt=\"Bernard Rozinthe, directeur g\u00e9n\u00e9ral\">\r\n          <div class=\"rect m--pink\"><\/div>\r\n          <div class=\"rect m--blue\"><\/div>\r\n          <div class=\"rect m--yellow\"><\/div>\r\n        <\/figure>\r\n      <\/div>\r\n    <\/div>\r\n<\/section>\r\n[\/vc_column][\/vc_row][vc_row][vc_column][vc_column_text el_class=\u00a0\u00bbcircle-bg\u00a0\u00bb]<\/p>\n<h2 style=\"text-align: center;\">Qui sommes-nous ?<\/h2>\n<p style=\"text-align: center;\">SAGE SA est une soci\u00e9t\u00e9 de conseil et d\u2019ing\u00e9nierie salariale sp\u00e9cialis\u00e9e dans la mobilit\u00e9 internationale. Depuis 1989, nous accompagnons les experts et consultants en mission \u00e0 l\u2019\u00e9tranger, quels que soient leur nationalit\u00e9 d\u2019origine et leur pays de destination, au sein de l\u2019Union europ\u00e9enne comme dans le reste du monde.<br \/>\nA l\u2019origine de SAGE ERGONOS d\u00e9di\u00e9e au portage salarial \u00e0 dimension international, le regroupement progressif sous une enseigne unique d\u2019entreprises expertes en mobilit\u00e9 internationale implant\u00e9es en France, en Suisse (Sage SA), en Allemagne (Ergononos), en Angleterre (Freelance UK), en Asie et qui permet aujourd\u2019hui de d\u00e9livrer un service exhaustif, partout dans le monde. Sage Ergonos est une entit\u00e9 du groupe Freelance.com.<\/p>\n<p>[\/vc_column_text][\/vc_column][\/vc_row][vc_row][vc_column width=\u00a0\u00bb1\/4&Prime;]<div class=\"picto\">\r\n    <div class=\"picto__content shaded\">\r\n        <div class=\"picto__inner\">\r\n            <div class=\"picto__icon\">\r\n                <svg class=\"icon icon-group\"><use xlink:href=\"https:\/\/www.sagesa.com\/wp-content\/themes\/sagesa\/assets\/images\/icons.sprite.svg#icon-group\"><\/use><\/svg>\r\n                <div class=\"picto__bg\"><\/div>\r\n            <\/div>\r\n            <div class=\"picto__text\">\r\n                <p>Facilitez la gestion de votre flotte d'expatri\u00e9s<\/p>\r\n            <\/div>\r\n        <\/div>\r\n    <\/div>\r\n<\/div>\r\n\r\n[\/vc_column][vc_column width=\u00a0\u00bb1\/4&Prime;]<div class=\"picto\">\r\n    <div class=\"picto__content shaded\">\r\n        <div class=\"picto__inner\">\r\n            <div class=\"picto__icon\">\r\n                <svg class=\"icon icon-world\"><use xlink:href=\"https:\/\/www.sagesa.com\/wp-content\/themes\/sagesa\/assets\/images\/icons.sprite.svg#icon-world\"><\/use><\/svg>\r\n                <div class=\"picto__bg\"><\/div>\r\n            <\/div>\r\n            <div class=\"picto__text\">\r\n                <p>Se d\u00e9velopper \u00e0 l'\u00e9tranger<\/p>\r\n            <\/div>\r\n        <\/div>\r\n    <\/div>\r\n<\/div>\r\n\r\n[\/vc_column][vc_column width=\u00a0\u00bb1\/4&Prime;]<div class=\"picto\">\r\n    <div class=\"picto__content shaded\">\r\n        <div class=\"picto__inner\">\r\n            <div class=\"picto__icon\">\r\n                <svg class=\"icon icon-plane\"><use xlink:href=\"https:\/\/www.sagesa.com\/wp-content\/themes\/sagesa\/assets\/images\/icons.sprite.svg#icon-plane\"><\/use><\/svg>\r\n                <div class=\"picto__bg\"><\/div>\r\n            <\/div>\r\n            <div class=\"picto__text\">\r\n                <p>S\u00e9curiser les question d'expatriation<\/p>\r\n            <\/div>\r\n        <\/div>\r\n    <\/div>\r\n<\/div>\r\n\r\n[\/vc_column][vc_column width=\u00a0\u00bb1\/4&Prime;]<div class=\"picto\">\r\n    <div class=\"picto__content shaded\">\r\n        <div class=\"picto__inner\">\r\n            <div class=\"picto__icon\">\r\n                <svg class=\"icon icon-touch\"><use xlink:href=\"https:\/\/www.sagesa.com\/wp-content\/themes\/sagesa\/assets\/images\/icons.sprite.svg#icon-touch\"><\/use><\/svg>\r\n                <div class=\"picto__bg\"><\/div>\r\n            <\/div>\r\n            <div class=\"picto__text\">\r\n                <p>D\u00e9l\u00e9guer une part de sa gestion administrative<\/p>\r\n            <\/div>\r\n        <\/div>\r\n    <\/div>\r\n<\/div>\r\n\r\n[\/vc_column][\/vc_row][vc_row][vc_column]<section class=\"txt-img padded-top\">\r\n    <div class=\"sv-g\">\r\n      <div class=\"sv-u-1 sv-u-m-1-2 m--right\">\r\n        <div class=\"txt-img__content\">\r\n          <h2>Garanties et solutions<\/h2>\r\n          <div class=\"txt-img__text\">\r\n            <p>Quitter son pays d\u2019origine implique des<strong> obligations r\u00e9glementaires, fiscales, sociales et administratives complexes<\/strong>. La soci\u00e9t\u00e9 de portage salarial international se positionne comme<strong> interm\u00e9diaire entre l\u2019entreprise et le consultant<\/strong> pour faciliter leur collaboration et offrir \u00e0 chacun d\u2019entre eux un <strong>cadre administratif<\/strong> donnant acc\u00e8s de part et d\u2019autres \u00e0 de tr\u00e8s nombreux avantages.<\/p>\n<p>&nbsp;<\/p>\n<p>Que vous soyez un consultant ind\u00e9pendant ou une entreprise, <strong>Sage met \u00e0 votre disposition ses sp\u00e9cialistes de la mobilit\u00e9 internationale<\/strong> et des services adaptables et personnalisables en fonctions de vos besoins.<\/p>\n<p>&nbsp;<\/p>\n<p>Cette expertise, nous sommes en mesure de l\u2019appliquer quelle que soit la nationalit\u00e9 du salari\u00e9 port\u00e9 ou le pays de destination.<\/p>\r\n                      <\/div>\r\n        <\/div>\r\n      <\/div>\r\n      <div class=\"sv-u-1 sv-u-m-1-2\">\r\n        <figure class=\"txt-img__figure m--red-left \">\r\n          <img decoding=\"async\" src=\"https:\/\/www.sagesa.com\/wp-content\/uploads\/2020\/12\/SageSa_Garantie_1-540x475.png\" alt=\"Garanties et solutions\">\r\n          <div class=\"rect m--pink\"><\/div>\r\n          <div class=\"rect m--blue\"><\/div>\r\n          <div class=\"rect m--yellow\"><\/div>\r\n        <\/figure>\r\n      <\/div>\r\n    <\/div>\r\n<\/section>\r\n[\/vc_column][\/vc_row][vc_row][vc_column]<section class=\"txt-img padded-top\">\r\n    <div class=\"sv-g\">\r\n      <div class=\"sv-u-1 sv-u-m-1-2 m--left\">\r\n        <div class=\"txt-img__content\">\r\n          <h2>Services<\/h2>\r\n          <div class=\"txt-img__text\">\r\n            <p><\/p>\n<ul>\n<li>Expert de l\u2019expatriation et du portage salarial international depuis plus de 30 ans<\/li>\n<li>Un service sur mesure<\/li>\n<li>Une grande maitrise de l\u2019ensemble des cas de figures d\u2019expatriation, quel que soit le pays du monde et le secteur d\u2019activit\u00e9<\/li>\n<li>Des grilles tarifaires concurrentielles et un savoir-faire garantissant la meilleure optimisation financi\u00e8re de la r\u00e9mun\u00e9ration des consultants comme des co\u00fbts de l\u2019entreprise<\/li>\n<li>Pour chaque client un interlocuteur unique dans la langue de son choix et un suivi personnalis\u00e9 et adapt\u00e9 \u00e0 ses contraintes<\/li>\n<li>Des outils de travail et de suivi performants pour faciliter les \u00e9changes et la mission<\/li>\n<\/ul>\n<p><\/p>\r\n                      <\/div>\r\n        <\/div>\r\n      <\/div>\r\n      <div class=\"sv-u-1 sv-u-m-1-2\">\r\n        <figure class=\"txt-img__figure m--blue-left \">\r\n          <img decoding=\"async\" src=\"https:\/\/www.sagesa.com\/wp-content\/uploads\/2020\/12\/SageSa_Services-540x475.png\" alt=\"Services\">\r\n          <div class=\"rect m--pink\"><\/div>\r\n          <div class=\"rect m--blue\"><\/div>\r\n          <div class=\"rect m--yellow\"><\/div>\r\n        <\/figure>\r\n      <\/div>\r\n    <\/div>\r\n<\/section>\r\n[\/vc_column][\/vc_row][vc_row][vc_column][vc_column_text el_class=\u00a0\u00bbcircle-bg\u00a0\u00bb]<\/p>\n<h2 style=\"text-align: center;\">Notre pr\u00e9sence<\/h2>\n<p style=\"text-align: center;\">Sage SA est en mesure de porter vos missions internationales dans toute l\u2019Europe mais aussi en Asie et en Afrique, gr\u00e2ce \u00e0 un r\u00e9seau de filiales du Groupe Freelance.<\/p>\n<p>[\/vc_column_text][\/vc_column][\/vc_row][vc_row][vc_column][vc_single_image image=\u00a0\u00bb273&Prime; img_size=\u00a0\u00bbfull\u00a0\u00bb][\/vc_column][\/vc_row][vc_row full_width=\u00a0\u00bbstretch_row\u00a0\u00bb][vc_column]<span class=\"separator\"><\/span>\r\n<section class=\"testimony padded\">\r\n  <div class=\"testimony__content\">\r\n    <div class=\"l-wrapper\">\r\n      <div class=\"sv-g\">\r\n\r\n        <div class=\"sv-u-1 sv-u-m-1-2\">\r\n          <h2 class=\"m--white\">T\u00e9moignages<\/h2>\r\n          <div class=\"testimony__slider-t\">\r\n            <div class=\"slider m--testimony\">\r\n                              <div class=\"slider__slide\" data-href=\"https:\/\/www.sagesa.com\/fr\/prolonger-carriere-portage-salarial-international\/\">\r\n                  <div class=\"content\"><p>\"En tant qu\u2019expert s\u00e9nior \u00e0 l\u2019or\u00e9e de la retraite, j\u2019ai pu ainsi prolonger ma carri\u00e8re \u00e0 l\u2019international, concr\u00e9tiser cette opportunit\u00e9 avec la Chine, et porter mes exp\u00e9riences et mon r\u00e9seau au service de l\u2019un des plus grands groupes internationaux. \"<\/p>\n<\/div>\r\n                  <div class=\"testimony__signature\">\r\n                    <p class=\"testimony__name\">Gilbert Salvi <span class=\"testimony__position\">Executive vice pr\u00e9sident Powerchina International<\/span><\/p>\r\n                  <\/div>\r\n                <\/div>\r\n                              <div class=\"slider__slide\" data-href=\"https:\/\/www.sagesa.com\/fr\/vivre-a-singapour-et-travailler-pour-une-societe-francaise-grace-au-portage-salarial-international\/\">\r\n                  <div class=\"content\"><p>Expatri\u00e9e \u00e0 Singapour, Caroline Bertrand nous parle de son m\u00e9tier de cheffe de projet en d\u00e9veloppement pharmaceutique en portage salarial international et de sa relation avec SAGE. <\/p>\n<\/div>\r\n                  <div class=\"testimony__signature\">\r\n                    <p class=\"testimony__name\">Caroline Bertrand <span class=\"testimony__position\">Cheffe de projet en d\u00e9veloppement pharmaceutique<\/span><\/p>\r\n                  <\/div>\r\n                <\/div>\r\n                              <div class=\"slider__slide\" data-href=\"https:\/\/www.sagesa.com\/fr\/temoignage-de-cecile-duranton-29-ans-export-manager-du-secteur-agroalimentaire-expatriee-en-portage-salarial-international\/\">\r\n                  <div class=\"content\"><p>Ing\u00e9nieur Agronome, devenue responsable de zone export pour un grand groupe agroalimentaire, C\u00e9cile partage son exp\u00e9rience d'expatriation en Espagne via le portage salarial international. <\/p>\n<\/div>\r\n                  <div class=\"testimony__signature\">\r\n                    <p class=\"testimony__name\">Cecile Duranton <span class=\"testimony__position\">Export Manager<\/span><\/p>\r\n                  <\/div>\r\n                <\/div>\r\n                              <div class=\"slider__slide\" data-href=\"https:\/\/www.sagesa.com\/fr\/consultant-en-commercialisation-de-produit-de-haute-technicite-serge-fernandez-beltran-a-trouve-dans-le-portage-salarial-international-une-solution-efficace-pour-prolonger-sa-carriere\/\">\r\n                  <div class=\"content\"><p>\"Le portage salarial en g\u00e9n\u00e9ral, qu\u2019il soit international ou national, est une solution de gestion de Ressources Humaines assez m\u00e9connue. J\u2019aimerai dire aux entreprises comme aux consultants qu\u2019il ne faut pas h\u00e9siter \u00e0 passer le pas. D\u2019un c\u00f4t\u00e9 comme de l\u2019autre les avantages sont nombreux et la confiance durable.\"<\/p>\n<\/div>\r\n                  <div class=\"testimony__signature\">\r\n                    <p class=\"testimony__name\">Marc Fernandez-Beltran <span class=\"testimony__position\">Consultant en commercialisation de produits de haute technicit\u00e9<\/span><\/p>\r\n                  <\/div>\r\n                <\/div>\r\n                              <div class=\"slider__slide\" data-href=\"https:\/\/www.sagesa.com\/fr\/manager-de-transition-en-afrique-leontine-relange-nous-partage-son-experience-du-portage-salarial-international\/\">\r\n                  <div class=\"content\"><p>Manager de transition au sein de gros groupes notamment en Afrique, L\u00e9ontine Relange nous explique quel confort elle a trouv\u00e9 dans le portage salarial international. <\/p>\n<\/div>\r\n                  <div class=\"testimony__signature\">\r\n                    <p class=\"testimony__name\">L\u00e9ontine Relange <span class=\"testimony__position\">Manager de transition<\/span><\/p>\r\n                  <\/div>\r\n                <\/div>\r\n                              <div class=\"slider__slide\" data-href=\"http:\/\/www.sagesa.com\/fr\/interview-dandre-zander\/\">\r\n                  <div class=\"content\"><p> \"SAGE SA est un artisan des ressources humaines internationales. On fait appel \u00e0 ses services comme on fait appel \u00e0 des experts juridiques, pour optimiser la gestion de sa flotte de salari\u00e9s expatri\u00e9s et sous-traiter une partie complexe.\"<\/p>\n<\/div>\r\n                  <div class=\"testimony__signature\">\r\n                    <p class=\"testimony__name\">Andr\u00e9 Zander <span class=\"testimony__position\">Ancien RDH d\u2019ELYO et Dirigeant de Nord Espaces<\/span><\/p>\r\n                  <\/div>\r\n                <\/div>\r\n                              <div class=\"slider__slide\" data-href=\"http:\/\/www.sagesa.com\/fr\/temoignage-de-katell-jaffrelot-sales-export-manager\/\">\r\n                  <div class=\"content\"><p>\"Lorsque j\u2019ai d\u00e9marr\u00e9 mon activit\u00e9 de consultante externe, je ne souhaitais pas g\u00e9rer la partie administrative d\u2019une entreprise et me consacrer \u00e0 100% \u00e0 mon c\u0153ur de m\u00e9tier. Sage prend en charge toutes les t\u00e2ches administratives, facturation, contrat, comptabilit\u00e9, d\u00e9clarations sociales me lib\u00e9rant enti\u00e8rement de l\u2019aspect bureaucratique\"<\/p>\n<\/div>\r\n                  <div class=\"testimony__signature\">\r\n                    <p class=\"testimony__name\">Katell Jaffrelot <span class=\"testimony__position\">Sales Export Manager<\/span><\/p>\r\n                  <\/div>\r\n                <\/div>\r\n                          <\/div>\r\n            <div class=\"testimony__arrows\">\r\n              <button type=\"button\" class=\"arrow shaded m--prev\"><svg role=\"img\" class=\"icon icon-arrow-right \"><use xlink:href=\"https:\/\/www.sagesa.com\/wp-content\/themes\/sagesa\/assets\/images\/icons.sprite.svg#icon-arrow-right\"><\/use><\/svg><\/button>\r\n              <button type=\"button\" class=\"arrow shaded m--next\"><svg role=\"img\" class=\"icon icon-arrow-right \"><use xlink:href=\"https:\/\/www.sagesa.com\/wp-content\/themes\/sagesa\/assets\/images\/icons.sprite.svg#icon-arrow-right\"><\/use><\/svg><\/button>\r\n            <\/div>\r\n          <\/div>\r\n        <\/div>\r\n\r\n        <div class=\"sv-u-1 sv-u-m-1-2\">\r\n          <div class=\"testimony__slider-p\">\r\n            <div class=\"slider m--profile\">\r\n                              <div class=\"slider__slide\">\r\n                                    <img decoding=\"async\" src=\"https:\/\/www.sagesa.com\/wp-content\/uploads\/2021\/02\/Gilbert-Salvi.jpg\" alt=\"Katell Jaffrelot\">\r\n                <\/div>\r\n                              <div class=\"slider__slide\">\r\n                                    <img decoding=\"async\" src=\"https:\/\/www.sagesa.com\/wp-content\/uploads\/2022\/06\/meric-dagli-Uii70ORiFPE-unsplash-scaled.jpg\" alt=\"Katell Jaffrelot\">\r\n                <\/div>\r\n                              <div class=\"slider__slide\">\r\n                                    <img decoding=\"async\" src=\"https:\/\/www.sagesa.com\/wp-content\/uploads\/2021\/11\/cecile-duranton.jpg\" alt=\"Katell Jaffrelot\">\r\n                <\/div>\r\n                              <div class=\"slider__slide\">\r\n                                    <img decoding=\"async\" src=\"https:\/\/www.sagesa.com\/wp-content\/uploads\/2021\/09\/marc.jpg\" alt=\"Katell Jaffrelot\">\r\n                <\/div>\r\n                              <div class=\"slider__slide\">\r\n                                    <img decoding=\"async\" src=\"https:\/\/www.sagesa.com\/wp-content\/uploads\/2021\/05\/leontine-relange.jpg\" alt=\"Katell Jaffrelot\">\r\n                <\/div>\r\n                              <div class=\"slider__slide\">\r\n                                    <img decoding=\"async\" src=\"\/wp-content\/uploads\/2021\/01\/AZander_SageSa_Temoignage.png\" alt=\"Katell Jaffrelot\">\r\n                <\/div>\r\n                              <div class=\"slider__slide\">\r\n                                    <img decoding=\"async\" src=\"\/wp-content\/uploads\/2020\/12\/unnamed.jpg\" alt=\"Katell Jaffrelot\">\r\n                <\/div>\r\n                          <\/div>\r\n          <\/div>\r\n        <\/div>\r\n\r\n      <\/div>\r\n    <\/div>\r\n  <\/div>\r\n  <div class=\"testimony__circle m--yellow\"><\/div>\r\n  <div class=\"testimony__circle m--pink\"><\/div>\r\n<\/section>\r\n[\/vc_column][\/vc_row][vc_row][vc_column]<section class=\"txt-img \">\r\n    <div class=\"sv-g\">\r\n      <div class=\"sv-u-1 sv-u-m-1-2 m--left\">\r\n        <div class=\"txt-img__content\">\r\n          <h2>Une filiale du groupe Freelance<\/h2>\r\n          <div class=\"txt-img__text\">\r\n            <p><\/p>\n<ul>\n<li>Un acteur Leader : Freelance.com est le leader fran\u00e7ais des services d\u2019interm\u00e9diation entre les entreprises et les ind\u00e9pendants<\/li>\n<li>Une large offre de solutions : Portage salarial, gestion de la sous-traitance, Recherche de talents et gestion de la conformit\u00e9 fournisseurs<\/li>\n<li>Un groupe c\u00f4t\u00e9 en Bourse : Sur le march\u00e9 Euronext Growth<\/li>\n<\/ul>\n<p><\/p>\r\n                          <a class=\"btn\" href=\"https:\/\/investors.freelance.com\/\" target=\"_blank\"><span>Site Investisseurs<\/span><svg role=\"img\" class=\"icon icon-arrow-thin \"><use xlink:href=\"https:\/\/www.sagesa.com\/wp-content\/themes\/sagesa\/assets\/images\/icons.sprite.svg#icon-arrow-thin\"><\/use><\/svg><\/a>\r\n                      <\/div>\r\n        <\/div>\r\n      <\/div>\r\n      <div class=\"sv-u-1 sv-u-m-1-2\">\r\n        <figure class=\"txt-img__figure m--blue-left \">\r\n          <img decoding=\"async\" src=\"https:\/\/www.sagesa.com\/wp-content\/uploads\/2020\/12\/SageSa_GrandeArche_Defense.png\" alt=\"Une filiale du groupe Freelance\">\r\n          <div class=\"rect m--pink\"><\/div>\r\n          <div class=\"rect m--blue\"><\/div>\r\n          <div class=\"rect m--yellow\"><\/div>\r\n        <\/figure>\r\n      <\/div>\r\n    <\/div>\r\n<\/section>\r\n[\/vc_column][\/vc_row][vc_row][vc_column]<section class=\"txt-img padded-top\">\r\n    <div class=\"sv-g\">\r\n      <div class=\"sv-u-1 sv-u-m-1-2 m--right\">\r\n        <div class=\"txt-img__content\">\r\n          <h2>Chiffres cl\u00e9s<\/h2>\r\n          <div class=\"txt-img__text\">\r\n            <p><\/p>\n<ul>\n<li>237 : M\u20ac de CA en 2019<\/li>\n<li>1M d\u2019utilisateurs de nos plateformes<\/li>\n<li>130 salari\u00e9s<\/li>\n<li>29 implantations dans 6 pays<\/li>\n<\/ul>\n<p><\/p>\r\n                      <\/div>\r\n        <\/div>\r\n      <\/div>\r\n      <div class=\"sv-u-1 sv-u-m-1-2\">\r\n        <figure class=\"txt-img__figure m--yellow-left \">\r\n          <img decoding=\"async\" src=\"https:\/\/www.sagesa.com\/wp-content\/uploads\/2020\/12\/Logo_Freelance-540x475.jpg\" alt=\"Chiffres cl\u00e9s\">\r\n          <div class=\"rect m--pink\"><\/div>\r\n          <div class=\"rect m--blue\"><\/div>\r\n          <div class=\"rect m--yellow\"><\/div>\r\n        <\/figure>\r\n      <\/div>\r\n    <\/div>\r\n<\/section>\r\n[\/vc_column][\/vc_row]<\/p>\n<\/section>","protected":false},"excerpt":{"rendered":"<p>Int\u00e9gr\u00e9s depuis 6 ans au groupe Freelance.com nous intervenons aupr\u00e8s des entreprises et des consultants en mission \u00e0 l\u2019\u00e9tranger depuis plus de 30 ans, uniquement sur les questions internationales.<\/p>\n","protected":false},"author":2,"featured_media":62,"parent":0,"menu_order":0,"comment_status":"closed","ping_status":"closed","template":"page-sage-sa.php","meta":{"footnotes":""},"class_list":["post-2095","page","type-page","status-publish","has-post-thumbnail","hentry"],"yoast_head":"<!-- This site is optimized with the Yoast SEO plugin v25.2 - https:\/\/yoast.com\/wordpress\/plugins\/seo\/ -->\n<title>Sage SA\u00a0: le portage salarial international | Sage SA<\/title>\n<meta name=\"description\" content=\"Le consultant, pour d\u00e9velopper son portefeuille de travail de mani\u00e8re ind\u00e9pendante tout en conservant les avantages du salariat peut faire appel au portage salarial, qui se pr\u00eate \u00e9galement aux missions \u00e0 dimension internationale, au travers d\u2019une soci\u00e9t\u00e9 de portage sp\u00e9cialis\u00e9e.\" \/>\n<meta name=\"robots\" content=\"index, follow, max-snippet:-1, max-image-preview:large, max-video-preview:-1\" \/>\n<link rel=\"canonical\" href=\"https:\/\/www.sagesa.com\/fr\/le-portage-salarial-international-2\/\" \/>\n<meta property=\"og:locale\" content=\"fr_FR\" \/>\n<meta property=\"og:type\" content=\"article\" \/>\n<meta property=\"og:title\" content=\"Sage SA\u00a0: le portage salarial international | Sage SA\" \/>\n<meta property=\"og:description\" content=\"Le consultant, pour d\u00e9velopper son portefeuille de travail de mani\u00e8re ind\u00e9pendante tout en conservant les avantages du salariat peut faire appel au portage salarial, qui se pr\u00eate \u00e9galement aux missions \u00e0 dimension internationale, au travers d\u2019une soci\u00e9t\u00e9 de portage sp\u00e9cialis\u00e9e.\" \/>\n<meta property=\"og:url\" content=\"https:\/\/www.sagesa.com\/fr\/le-portage-salarial-international-2\/\" \/>\n<meta property=\"og:site_name\" content=\"Sage SA\" \/>\n<meta property=\"og:image\" content=\"https:\/\/www.sagesa.com\/wp-content\/uploads\/2020\/12\/austin-distel-wD1LRb9OeEo-unsplash-expert-scaled.jpg\" \/>\n\t<meta property=\"og:image:width\" content=\"2560\" \/>\n\t<meta property=\"og:image:height\" content=\"1920\" \/>\n\t<meta property=\"og:image:type\" content=\"image\/jpeg\" \/>\n<meta name=\"twitter:card\" content=\"summary_large_image\" \/>\n<meta name=\"twitter:label1\" content=\"Est. reading time\" \/>\n\t<meta name=\"twitter:data1\" content=\"4 minutes\" \/>\n<script type=\"application\/ld+json\" class=\"yoast-schema-graph\">{\"@context\":\"https:\/\/schema.org\",\"@graph\":[{\"@type\":\"WebPage\",\"@id\":\"https:\/\/www.sagesa.com\/fr\/le-portage-salarial-international-2\/\",\"url\":\"https:\/\/www.sagesa.com\/fr\/le-portage-salarial-international-2\/\",\"name\":\"Sage SA\u00a0: le portage salarial international | Sage SA\",\"isPartOf\":{\"@id\":\"https:\/\/www.sagesa.com\/fr\/#website\"},\"primaryImageOfPage\":{\"@id\":\"https:\/\/www.sagesa.com\/fr\/le-portage-salarial-international-2\/#primaryimage\"},\"image\":{\"@id\":\"https:\/\/www.sagesa.com\/fr\/le-portage-salarial-international-2\/#primaryimage\"},\"thumbnailUrl\":\"https:\/\/www.sagesa.com\/wp-content\/uploads\/2020\/12\/austin-distel-wD1LRb9OeEo-unsplash-expert-scaled.jpg\",\"datePublished\":\"2022-05-30T10:59:32+00:00\",\"description\":\"Le consultant, pour d\u00e9velopper son portefeuille de travail de mani\u00e8re ind\u00e9pendante tout en conservant les avantages du salariat peut faire appel au portage salarial, qui se pr\u00eate \u00e9galement aux missions \u00e0 dimension internationale, au travers d\u2019une soci\u00e9t\u00e9 de portage sp\u00e9cialis\u00e9e.\",\"breadcrumb\":{\"@id\":\"https:\/\/www.sagesa.com\/fr\/le-portage-salarial-international-2\/#breadcrumb\"},\"inLanguage\":\"fr-FR\",\"potentialAction\":[{\"@type\":\"ReadAction\",\"target\":[\"https:\/\/www.sagesa.com\/fr\/le-portage-salarial-international-2\/\"]}]},{\"@type\":\"ImageObject\",\"inLanguage\":\"fr-FR\",\"@id\":\"https:\/\/www.sagesa.com\/fr\/le-portage-salarial-international-2\/#primaryimage\",\"url\":\"https:\/\/www.sagesa.com\/wp-content\/uploads\/2020\/12\/austin-distel-wD1LRb9OeEo-unsplash-expert-scaled.jpg\",\"contentUrl\":\"https:\/\/www.sagesa.com\/wp-content\/uploads\/2020\/12\/austin-distel-wD1LRb9OeEo-unsplash-expert-scaled.jpg\",\"width\":2560,\"height\":1920},{\"@type\":\"BreadcrumbList\",\"@id\":\"https:\/\/www.sagesa.com\/fr\/le-portage-salarial-international-2\/#breadcrumb\",\"itemListElement\":[{\"@type\":\"ListItem\",\"position\":1,\"name\":\"Accueil\",\"item\":\"https:\/\/www.sagesa.com\/fr\/\"},{\"@type\":\"ListItem\",\"position\":2,\"name\":\"LE PORTAGE SALARIAL INTERNATIONAL\"}]},{\"@type\":\"WebSite\",\"@id\":\"https:\/\/www.sagesa.com\/fr\/#website\",\"url\":\"https:\/\/www.sagesa.com\/fr\/\",\"name\":\"Sage SA\",\"description\":\"Un site utilisant WordPress\",\"publisher\":{\"@id\":\"https:\/\/www.sagesa.com\/fr\/#organization\"},\"potentialAction\":[{\"@type\":\"SearchAction\",\"target\":{\"@type\":\"EntryPoint\",\"urlTemplate\":\"https:\/\/www.sagesa.com\/fr\/?s={search_term_string}\"},\"query-input\":{\"@type\":\"PropertyValueSpecification\",\"valueRequired\":true,\"valueName\":\"search_term_string\"}}],\"inLanguage\":\"fr-FR\"},{\"@type\":\"Organization\",\"@id\":\"https:\/\/www.sagesa.com\/fr\/#organization\",\"name\":\"SAGE SA\",\"url\":\"https:\/\/www.sagesa.com\/fr\/\",\"logo\":{\"@type\":\"ImageObject\",\"inLanguage\":\"fr-FR\",\"@id\":\"https:\/\/www.sagesa.com\/fr\/#\/schema\/logo\/image\/\",\"url\":\"https:\/\/www.sagesa.com\/wp-content\/uploads\/2024\/02\/logo_sage_rvb.jpg\",\"contentUrl\":\"https:\/\/www.sagesa.com\/wp-content\/uploads\/2024\/02\/logo_sage_rvb.jpg\",\"width\":1784,\"height\":1035,\"caption\":\"SAGE SA\"},\"image\":{\"@id\":\"https:\/\/www.sagesa.com\/fr\/#\/schema\/logo\/image\/\"},\"sameAs\":[\"https:\/\/www.linkedin.com\/company\/sage-sa-portage-salarial-international\"]}]}<\/script>\n<!-- \/ Yoast SEO plugin. -->","yoast_head_json":{"title":"Sage SA\u00a0: le portage salarial international | Sage SA","description":"Le consultant, pour d\u00e9velopper son portefeuille de travail de mani\u00e8re ind\u00e9pendante tout en conservant les avantages du salariat peut faire appel au portage salarial, qui se pr\u00eate \u00e9galement aux missions \u00e0 dimension internationale, au travers d\u2019une soci\u00e9t\u00e9 de portage sp\u00e9cialis\u00e9e.","robots":{"index":"index","follow":"follow","max-snippet":"max-snippet:-1","max-image-preview":"max-image-preview:large","max-video-preview":"max-video-preview:-1"},"canonical":"https:\/\/www.sagesa.com\/fr\/le-portage-salarial-international-2\/","og_locale":"fr_FR","og_type":"article","og_title":"Sage SA\u00a0: le portage salarial international | Sage SA","og_description":"Le consultant, pour d\u00e9velopper son portefeuille de travail de mani\u00e8re ind\u00e9pendante tout en conservant les avantages du salariat peut faire appel au portage salarial, qui se pr\u00eate \u00e9galement aux missions \u00e0 dimension internationale, au travers d\u2019une soci\u00e9t\u00e9 de portage sp\u00e9cialis\u00e9e.","og_url":"https:\/\/www.sagesa.com\/fr\/le-portage-salarial-international-2\/","og_site_name":"Sage SA","og_image":[{"width":2560,"height":1920,"url":"https:\/\/www.sagesa.com\/wp-content\/uploads\/2020\/12\/austin-distel-wD1LRb9OeEo-unsplash-expert-scaled.jpg","type":"image\/jpeg"}],"twitter_card":"summary_large_image","twitter_misc":{"Est. reading time":"4 minutes"},"schema":{"@context":"https:\/\/schema.org","@graph":[{"@type":"WebPage","@id":"https:\/\/www.sagesa.com\/fr\/le-portage-salarial-international-2\/","url":"https:\/\/www.sagesa.com\/fr\/le-portage-salarial-international-2\/","name":"Sage SA\u00a0: le portage salarial international | Sage SA","isPartOf":{"@id":"https:\/\/www.sagesa.com\/fr\/#website"},"primaryImageOfPage":{"@id":"https:\/\/www.sagesa.com\/fr\/le-portage-salarial-international-2\/#primaryimage"},"image":{"@id":"https:\/\/www.sagesa.com\/fr\/le-portage-salarial-international-2\/#primaryimage"},"thumbnailUrl":"https:\/\/www.sagesa.com\/wp-content\/uploads\/2020\/12\/austin-distel-wD1LRb9OeEo-unsplash-expert-scaled.jpg","datePublished":"2022-05-30T10:59:32+00:00","description":"Le consultant, pour d\u00e9velopper son portefeuille de travail de mani\u00e8re ind\u00e9pendante tout en conservant les avantages du salariat peut faire appel au portage salarial, qui se pr\u00eate \u00e9galement aux missions \u00e0 dimension internationale, au travers d\u2019une soci\u00e9t\u00e9 de portage sp\u00e9cialis\u00e9e.","breadcrumb":{"@id":"https:\/\/www.sagesa.com\/fr\/le-portage-salarial-international-2\/#breadcrumb"},"inLanguage":"fr-FR","potentialAction":[{"@type":"ReadAction","target":["https:\/\/www.sagesa.com\/fr\/le-portage-salarial-international-2\/"]}]},{"@type":"ImageObject","inLanguage":"fr-FR","@id":"https:\/\/www.sagesa.com\/fr\/le-portage-salarial-international-2\/#primaryimage","url":"https:\/\/www.sagesa.com\/wp-content\/uploads\/2020\/12\/austin-distel-wD1LRb9OeEo-unsplash-expert-scaled.jpg","contentUrl":"https:\/\/www.sagesa.com\/wp-content\/uploads\/2020\/12\/austin-distel-wD1LRb9OeEo-unsplash-expert-scaled.jpg","width":2560,"height":1920},{"@type":"BreadcrumbList","@id":"https:\/\/www.sagesa.com\/fr\/le-portage-salarial-international-2\/#breadcrumb","itemListElement":[{"@type":"ListItem","position":1,"name":"Accueil","item":"https:\/\/www.sagesa.com\/fr\/"},{"@type":"ListItem","position":2,"name":"LE PORTAGE SALARIAL INTERNATIONAL"}]},{"@type":"WebSite","@id":"https:\/\/www.sagesa.com\/fr\/#website","url":"https:\/\/www.sagesa.com\/fr\/","name":"Sage SA","description":"Un site utilisant WordPress","publisher":{"@id":"https:\/\/www.sagesa.com\/fr\/#organization"},"potentialAction":[{"@type":"SearchAction","target":{"@type":"EntryPoint","urlTemplate":"https:\/\/www.sagesa.com\/fr\/?s={search_term_string}"},"query-input":{"@type":"PropertyValueSpecification","valueRequired":true,"valueName":"search_term_string"}}],"inLanguage":"fr-FR"},{"@type":"Organization","@id":"https:\/\/www.sagesa.com\/fr\/#organization","name":"SAGE SA","url":"https:\/\/www.sagesa.com\/fr\/","logo":{"@type":"ImageObject","inLanguage":"fr-FR","@id":"https:\/\/www.sagesa.com\/fr\/#\/schema\/logo\/image\/","url":"https:\/\/www.sagesa.com\/wp-content\/uploads\/2024\/02\/logo_sage_rvb.jpg","contentUrl":"https:\/\/www.sagesa.com\/wp-content\/uploads\/2024\/02\/logo_sage_rvb.jpg","width":1784,"height":1035,"caption":"SAGE SA"},"image":{"@id":"https:\/\/www.sagesa.com\/fr\/#\/schema\/logo\/image\/"},"sameAs":["https:\/\/www.linkedin.com\/company\/sage-sa-portage-salarial-international"]}]}},"_links":{"self":[{"href":"https:\/\/www.sagesa.com\/fr\/wp-json\/wp\/v2\/pages\/2095","targetHints":{"allow":["GET"]}}],"collection":[{"href":"https:\/\/www.sagesa.com\/fr\/wp-json\/wp\/v2\/pages"}],"about":[{"href":"https:\/\/www.sagesa.com\/fr\/wp-json\/wp\/v2\/types\/page"}],"author":[{"embeddable":true,"href":"https:\/\/www.sagesa.com\/fr\/wp-json\/wp\/v2\/users\/2"}],"replies":[{"embeddable":true,"href":"https:\/\/www.sagesa.com\/fr\/wp-json\/wp\/v2\/comments?post=2095"}],"version-history":[{"count":0,"href":"https:\/\/www.sagesa.com\/fr\/wp-json\/wp\/v2\/pages\/2095\/revisions"}],"wp:featuredmedia":[{"embeddable":true,"href":"https:\/\/www.sagesa.com\/fr\/wp-json\/wp\/v2\/media\/62"}],"wp:attachment":[{"href":"https:\/\/www.sagesa.com\/fr\/wp-json\/wp\/v2\/media?parent=2095"}],"curies":[{"name":"wp","href":"https:\/\/api.w.org\/{rel}","templated":true}]}}